{"id":16,"date":"2023-03-10T13:58:13","date_gmt":"2023-03-10T13:58:13","guid":{"rendered":"https:\/\/frankpergande.de\/?page_id=16"},"modified":"2026-08-30T19:09:24","modified_gmt":"2026-08-30T19:09:24","slug":"lesen","status":"publish","type":"page","link":"https:\/\/frankpergande.de\/index.php\/lesen\/","title":{"rendered":"Lesen"},"content":{"rendered":"<h2>In meiner Bibliothek gest\u00f6bert<\/h2>\n<p>&nbsp;<\/p>\n<p>Hier stelle ich jeden Monat ein Buch aus meiner Bibliothek vor, das mir aus diesem oder jenem Grund wichtig ist, f\u00fcr September 2026\u00a0 geht es um ein Insel-B\u00fcchlein mit Gartengedichten von Rainer Maria Rilke:<\/p>\n<p>&nbsp;<\/p>\n<p><a href=\"https:\/\/frankpergande.de\/wp-content\/uploads\/2026\/08\/Rilke.jpeg\"><img loading=\"lazy\" decoding=\"async\" class=\"size-medium wp-image-694 alignright\" src=\"https:\/\/frankpergande.de\/wp-content\/uploads\/2026\/08\/Rilke-189x300.jpeg\" alt=\"\" width=\"189\" height=\"300\" srcset=\"https:\/\/frankpergande.de\/wp-content\/uploads\/2026\/08\/Rilke-189x300.jpeg 189w, https:\/\/frankpergande.de\/wp-content\/uploads\/2026\/08\/Rilke.jpeg 404w\" sizes=\"auto, (max-width: 189px) 100vw, 189px\" \/><\/a>Wenn mir in einem offenen B\u00fccherschrank irgendwo ein Insel-B\u00fcchlein begegnet, kann ich selten widerstehen, es mitzunehmen. So erging es mir auch mit dem Insel-B\u00fcchlein 1129, einer Sammlung von Gartengedichten Rilkes.<\/p>\n<p>Solche B\u00fccher d\u00fcrften ziemlich ausschlie\u00dflich als Geschenk durch die Welt geistern, h\u00fcbsch gestaltet, klingende Texte, romantische Fotos. Ein Garten als Buch sozusagen, gehobene Unterhaltung. So etwas w\u00fcrde ich mir nie kaufen.<\/p>\n<p>Als ich zu Hause in dem Band bl\u00e4tterte, wunderte ich mich selbst, wie ich auf einmal die Zeit verga\u00df und las und bl\u00e4tterte und las. Dabei besitze ich eine Rilke-Gesamtausgabe und viele der Gedichte aus dem B\u00e4ndchen kennt man ohnehin, \u201eR\u00f6mische Font\u00e4ne\u201c, \u201eHerbsttag\u201c, \u201eDer Pavillon\u201c, \u201eDas Rosen-Innere\u201c, einiges aus den \u201eDuineser Elegien\u201c. Der Rilke-Sound voll aufgebl\u00fcht, sozusagen.<\/p>\n<p>Aber er ist eben ein gro\u00dfer Dichter, ihm schadet auch ein seichtes Umfeld nicht. Ich hatte das Privileg, dieses Garten-Buch in meinen eigenen Garten mitnehmen zu k\u00f6nnen. Der freilich h\u00e4tte Rilke nicht inspiriert mit Bohnen, Tomaten, Gurken und Kohl. Aber irgendwie ergab sich ein Zauber, das Prosaische des Lebens mit seinen Bohnen und Tomaten war f\u00fcr einen Moment verweht. Ich war gl\u00fccklich. Das machte mir, v\u00f6llig \u00fcberraschend, das Insel-B\u00fcchlein einiges wert.<\/p>\n<p>Phlox gibt es immerhin auch in meinem Garten. Hier der Schluss von \u201eIn einem fremden Park\u201c: \u201eWas stehst du oft? Was h\u00f6ren deine Ohren?\/ Und warum siehst du schlie\u00dflich, wie verloren,\/ die Falter flimmern um den hohen Phlox.\u201c<\/p>\n<p>&nbsp;<\/p>\n<p><strong>\u00a0<\/strong><\/p>\n<p>&nbsp;<\/p>\n","protected":false},"excerpt":{"rendered":"<p>In meiner Bibliothek gest\u00f6bert &nbsp; Hier stelle ich jeden Monat ein Buch aus meiner Bibliothek vor, das mir aus diesem oder jenem Grund wichtig ist, f\u00fcr September 2026\u00a0 geht es um ein Insel-B\u00fcchlein mit Gartengedichten von Rainer Maria Rilke: &nbsp; Wenn mir in einem offenen B\u00fccherschrank irgendwo ein Insel-B\u00fcchlein begegnet, kann ich selten widerstehen, es<\/p>\n<p class=\"more-link\"><a href=\"https:\/\/frankpergande.de\/index.php\/lesen\/\" class=\"themebutton\">Read More<\/a><\/p>\n","protected":false},"author":1,"featured_media":0,"parent":0,"menu_order":0,"comment_status":"closed","ping_status":"closed","template":"","meta":{"footnotes":""},"class_list":["post-16","page","type-page","status-publish","hentry"],"_links":{"self":[{"href":"https:\/\/frankpergande.de\/index.php\/wp-json\/wp\/v2\/pages\/16","targetHints":{"allow":["GET"]}}],"collection":[{"href":"https:\/\/frankpergande.de\/index.php\/wp-json\/wp\/v2\/pages"}],"about":[{"href":"https:\/\/frankpergande.de\/index.php\/wp-json\/wp\/v2\/types\/page"}],"author":[{"embeddable":true,"href":"https:\/\/frankpergande.de\/index.php\/wp-json\/wp\/v2\/users\/1"}],"replies":[{"embeddable":true,"href":"https:\/\/frankpergande.de\/index.php\/wp-json\/wp\/v2\/comments?post=16"}],"version-history":[{"count":87,"href":"https:\/\/frankpergande.de\/index.php\/wp-json\/wp\/v2\/pages\/16\/revisions"}],"predecessor-version":[{"id":697,"href":"https:\/\/frankpergande.de\/index.php\/wp-json\/wp\/v2\/pages\/16\/revisions\/697"}],"wp:attachment":[{"href":"https:\/\/frankpergande.de\/index.php\/wp-json\/wp\/v2\/media?parent=16"}],"curies":[{"name":"wp","href":"https:\/\/api.w.org\/{rel}","templated":true}]}}